{"id":13,"date":"2023-03-17T11:07:26","date_gmt":"2023-03-17T10:07:26","guid":{"rendered":"https:\/\/labs2.maresdedia.cat\/?page_id=13"},"modified":"2024-04-10T10:42:36","modified_gmt":"2024-04-10T09:42:36","slug":"beautiful-portfolios-for-exceptional-creatives","status":"publish","type":"page","link":"https:\/\/maresdedia.cat\/es\/","title":{"rendered":"\u00bfQue es Mares de dia, SCCL?"},"content":{"rendered":"<p class=\"has-text-align-center\">Mares de dia SCCL somos una cooperativa de trabajo asociado que nace en Catalu\u00f1a pero siempre a abierto las puertas a todos los madres y padres de d\u00eda de otras comunidades. Nuestro objetivo es crear una base de apoyo laboral y legal a todas aquellas profesionales que se dediquen al cuidado de peque\u00f1os grupos de ni\u00f1os de 4 meses a 3 a\u00f1os en su hogar. Por otra parte, tiene la voluntad de ofrecer este servicio, con todas las garant\u00edas posibles, a las familias que no quieren o no pueden llevar a sus hijos e hijas a la guarder\u00eda.<\/p>\n\n\n\n<div style=\"height:55px\" aria-hidden=\"true\" class=\"wp-block-spacer\"><\/div>\n\n\n\n<div class=\"wp-block-group alignfull has-background is-layout-flow wp-block-group-is-layout-flow\" style=\"background-color:#fffdfd\">\n<div class=\"wp-block-columns column_padding is-layout-flex wp-container-core-columns-is-layout-28f84493 wp-block-columns-is-layout-flex\">\n<div class=\"wp-block-column is-vertically-aligned-center is-layout-flow wp-block-column-is-layout-flow\">\n<h2 class=\"wp-block-heading\">L\u00edneas pedag\u00f3gicas<\/h2>\n\n\n\n<p>El proyecto Mares de dia, SCCL apuesta por una educaci\u00f3n basada en el amor y el respeto por las diferencias de cada ni\u00f1o, as\u00ed como el acompa\u00f1amiento en el ritmo de crecimiento f\u00edsico y emocional personal de cada uno de ellos. La base de los hogares de crianza es justamente que los ni\u00f1os y ni\u00f1as puedan pasar sus primeros tres a\u00f1os de vida en un entorno familiar, acogedor y donde se sientan seguros y \u00a1seguras, como en casa!<\/p>\n\n\n\n<p>Por eso, aunque desde la cooperativa se respetan las particularidades de cada hogar de crianza y las formas de hacer y deshacer de cada madre de d\u00eda, se proponen unas l\u00edneas educativas basadas en los principios antes apuntados.<\/p>\n\n\n\n<p>Las corrientes educativas que desde la cooperativa recomendamos profundizar puedes consultarlas aqu\u00ed, aunque estamos trabajando en la elaboraci\u00f3n de un proyecto educativo marco de la cooperativa.<\/p>\n\n\n\n<p style=\"font-size:clamp(14px, 0.875rem + ((1vw - 3.2px) * 0.104), 15px);\"><b><a rel=\"noopener\" href=\"https:\/\/labs2.maresdedia.cat\/wp-content\/uploads\/2023\/01\/linies-educatives-recomanades-des-de-mares-de-dia-sccl.pdf\" target=\"_blank\">L\u00edneas educativas recomendadas desde Mares de dia SCCL<\/a><\/b><\/p>\n\n\n\n<p><\/p>\n<\/div>\n<\/div>\n<\/div>\n\n\n\n<div class=\"wp-block-group alignfull column_padding is-layout-flow wp-block-group-is-layout-flow\">\n<div class=\"wp-block-columns is-layout-flex wp-container-core-columns-is-layout-28f84493 wp-block-columns-is-layout-flex\">\n<div class=\"wp-block-column is-vertically-aligned-center is-layout-flow wp-block-column-is-layout-flow\">\n<h2 class=\"wp-block-heading\">\u00bfQuieres saber m\u00e1s sobre nosotros?<\/h2>\n\n\n\n<p>Te recomendamos que navegues por toda nuestra web y si todav\u00eda te quedan dudas, contacta con nosotros<\/p>\n\n\n\n<p><\/p>\n<\/div>\n\n\n\n<div class=\"wp-block-column is-layout-flow wp-block-column-is-layout-flow\">\n<div class=\"wp-block-buttons is-layout-flex wp-container-core-buttons-is-layout-168ce233 wp-block-buttons-is-layout-flex\"><\/div>\n\n\n\n<div style=\"height:48px\" aria-hidden=\"true\" class=\"wp-block-spacer\"><\/div>\n\n\n\n<div class=\"wp-block-buttons is-content-justification-left is-layout-flex wp-container-core-buttons-is-layout-f236198a wp-block-buttons-is-layout-flex\">\n<div class=\"wp-block-button\"><a class=\"wp-block-button__link has-background wp-element-button\" href=\"#contact\" style=\"background-color:#c161c6\">CONTACTA<\/a><\/div>\n<\/div>\n<\/div>\n<\/div>\n<\/div>\n\n\n\n<div class=\"wp-block-columns alignfull is-layout-flex wp-container-core-columns-is-layout-28f84493 wp-block-columns-is-layout-flex\">\n<div class=\"wp-block-column team-block has-background is-layout-flow wp-block-column-is-layout-flow\" style=\"background-color:#fffdfd;flex-basis:100%\">\n<h2 class=\"wp-block-heading has-text-align-center\">\u00c9ste es nuestro equipo<\/h2>\n\n\n\n<div class=\"wp-block-columns column_padding is-layout-flex wp-container-core-columns-is-layout-28f84493 wp-block-columns-is-layout-flex\">\n<div class=\"wp-block-column is-layout-flow wp-block-column-is-layout-flow\">\n<div class=\"wp-block-columns is-layout-flex wp-container-core-columns-is-layout-28f84493 wp-block-columns-is-layout-flex\">\n<div class=\"wp-block-column is-layout-flow wp-block-column-is-layout-flow\">\n<figure class=\"wp-block-image alignright size-thumbnail is-resized is-style-rounded\"><img loading=\"lazy\" decoding=\"async\" src=\"https:\/\/maresdedia.cat\/wp-content\/uploads\/2023\/03\/ana-rudilla-1552058-150x150.jpg\" alt=\"Ana Rudilla\" class=\"wp-image-86\" style=\"width:250px;height:250px\" width=\"250\" height=\"250\"\/><\/figure>\n<\/div>\n\n\n\n<div class=\"wp-block-column is-layout-flow wp-block-column-is-layout-flow\">\n<h3 class=\"wp-block-heading\">Ana Rudilla Navarro<\/h3>\n\n\n\n<h4 class=\"wp-block-heading\">COORDINADORA, FORMADORA Y ACOMPA\u00d1ANTE<\/h4>\n\n\n\n<p>Mi nombre es Ana Rudilla, madre de un ni\u00f1o maravilloso, madre de d\u00eda, Coordinadora de la Cooperativa Mares de dia, SCCL; formadora y acompa\u00f1ante pedag\u00f3gica tanto de madres y padres de d\u00eda en activo como de futuras madres y padres de d\u00eda.<br>Estoy titulada en Magisterio Infantil con profundizaci\u00f3n posterior en la primera etapa. Llevo toda una vida dedicada al acompa\u00f1amiento de la infancia en diversos sentidos, desde cuidados y animaci\u00f3n hasta educaci\u00f3n. Tambi\u00e9n estoy formada en pedagog\u00edas activas, psic\u00f3loga infantil, acompa\u00f1amiento emocional, crianza consciente, v\u00ednculo, desarrollo sensorial\u2026<br>Y en continuo crecimiento y formaci\u00f3n.<br>Tambi\u00e9n he podido compartir mi profesi\u00f3n junto a mi hijo en sus primeros a\u00f1os de vida, sintiendo m\u00e1s de cerca la necesidad y crecimiento de la figura de madre de d\u00eda.<\/p>\n<\/div>\n<\/div>\n<\/div>\n\n\n\n<div class=\"wp-block-column is-layout-flow wp-block-column-is-layout-flow\">\n<div class=\"wp-block-columns is-layout-flex wp-container-core-columns-is-layout-28f84493 wp-block-columns-is-layout-flex\">\n<div class=\"wp-block-column is-layout-flow wp-block-column-is-layout-flow\" style=\"flex-basis:33.33%\">\n<figure class=\"wp-block-image alignright size-thumbnail is-resized is-style-rounded\"><img loading=\"lazy\" decoding=\"async\" src=\"https:\/\/maresdedia.cat\/wp-content\/uploads\/2023\/03\/Tatiana-e1679150091208-150x150.png\" alt=\"\" class=\"wp-image-88\" style=\"width:250px;height:250px\" width=\"250\" height=\"250\"\/><\/figure>\n<\/div>\n\n\n\n<div class=\"wp-block-column is-layout-flow wp-block-column-is-layout-flow\" style=\"flex-basis:55.55%\">\n<h3 class=\"wp-block-heading\">Tatiana Fernandez Gomez<\/h3>\n\n\n\n<h4 class=\"wp-block-heading\">ASESORA, FORMADORA Y ACOMPA\u00d1ANTE<\/h4>\n\n\n\n<p>Soy madre y maestra de educaci\u00f3n infantil formada en pedagog\u00eda Waldorf, acompa\u00f1amiento a la crianza consciente y enfoque del desarrollo infantil temprano.<br>Desde siempre he tenido clara mi vocaci\u00f3n dedicada a la peque\u00f1a infancia, me form\u00e9 como maestra de educaci\u00f3n infantil en 2004 y, a partir de aqu\u00ed, fui ampliando horizontes en el mundo de la crianza, la educaci\u00f3n y el crecimiento personal. En 2011 inici\u00e9 la formaci\u00f3n Waldorf y all\u00ed descubr\u00ed la figura de la madre de d\u00eda. En 2013, como proyecto final, me decido a crear la plataforma online www.lesmaresdedia.cat para dar a conocer este servicio emergente en Catalu\u00f1a, ser un punto de encuentro para interesados \u200b\u200by profesionales y difundir la labor pedag\u00f3gica y social que realizan.<br>Actualmente combino mi labor como maestra con este nuevo proyecto, Mares de dia SCCL.<\/p>\n\n\n\n<ul class=\"wp-block-social-links has-normal-icon-size is-style-logos-only is-horizontal is-content-justification-left is-layout-flex wp-container-core-social-links-is-layout-dab07b9e wp-block-social-links-is-layout-flex\"><li class=\"wp-social-link wp-social-link-instagram  wp-block-social-link\"><a rel=\"noopener nofollow\" target=\"_blank\" href=\"https:\/\/www.instagram.com\/kalizdevida\/\" class=\"wp-block-social-link-anchor\"><svg width=\"24\" height=\"24\" viewbox=\"0 0 24 24\" version=\"1.1\" xmlns=\"http:\/\/www.w3.org\/2000\/svg\" aria-hidden=\"true\" focusable=\"false\"><path d=\"M12,4.622c2.403,0,2.688,0.009,3.637,0.052c0.877,0.04,1.354,0.187,1.671,0.31c0.42,0.163,0.72,0.358,1.035,0.673 c0.315,0.315,0.51,0.615,0.673,1.035c0.123,0.317,0.27,0.794,0.31,1.671c0.043,0.949,0.052,1.234,0.052,3.637 s-0.009,2.688-0.052,3.637c-0.04,0.877-0.187,1.354-0.31,1.671c-0.163,0.42-0.358,0.72-0.673,1.035 c-0.315,0.315-0.615,0.51-1.035,0.673c-0.317,0.123-0.794,0.27-1.671,0.31c-0.949,0.043-1.233,0.052-3.637,0.052 s-2.688-0.009-3.637-0.052c-0.877-0.04-1.354-0.187-1.671-0.31c-0.42-0.163-0.72-0.358-1.035-0.673 c-0.315-0.315-0.51-0.615-0.673-1.035c-0.123-0.317-0.27-0.794-0.31-1.671C4.631,14.688,4.622,14.403,4.622,12 s0.009-2.688,0.052-3.637c0.04-0.877,0.187-1.354,0.31-1.671c0.163-0.42,0.358-0.72,0.673-1.035 c0.315-0.315,0.615-0.51,1.035-0.673c0.317-0.123,0.794-0.27,1.671-0.31C9.312,4.631,9.597,4.622,12,4.622 M12,3 C9.556,3,9.249,3.01,8.289,3.054C7.331,3.098,6.677,3.25,6.105,3.472C5.513,3.702,5.011,4.01,4.511,4.511 c-0.5,0.5-0.808,1.002-1.038,1.594C3.25,6.677,3.098,7.331,3.054,8.289C3.01,9.249,3,9.556,3,12c0,2.444,0.01,2.751,0.054,3.711 c0.044,0.958,0.196,1.612,0.418,2.185c0.23,0.592,0.538,1.094,1.038,1.594c0.5,0.5,1.002,0.808,1.594,1.038 c0.572,0.222,1.227,0.375,2.185,0.418C9.249,20.99,9.556,21,12,21s2.751-0.01,3.711-0.054c0.958-0.044,1.612-0.196,2.185-0.418 c0.592-0.23,1.094-0.538,1.594-1.038c0.5-0.5,0.808-1.002,1.038-1.594c0.222-0.572,0.375-1.227,0.418-2.185 C20.99,14.751,21,14.444,21,12s-0.01-2.751-0.054-3.711c-0.044-0.958-0.196-1.612-0.418-2.185c-0.23-0.592-0.538-1.094-1.038-1.594 c-0.5-0.5-1.002-0.808-1.594-1.038c-0.572-0.222-1.227-0.375-2.185-0.418C14.751,3.01,14.444,3,12,3L12,3z M12,7.378 c-2.552,0-4.622,2.069-4.622,4.622S9.448,16.622,12,16.622s4.622-2.069,4.622-4.622S14.552,7.378,12,7.378z M12,15 c-1.657,0-3-1.343-3-3s1.343-3,3-3s3,1.343,3,3S13.657,15,12,15z M16.804,6.116c-0.596,0-1.08,0.484-1.08,1.08 s0.484,1.08,1.08,1.08c0.596,0,1.08-0.484,1.08-1.08S17.401,6.116,16.804,6.116z\"><\/path><\/svg><span class=\"wp-block-social-link-label screen-reader-text\">Instagram<\/span><\/a><\/li><\/ul>\n<\/div>\n<\/div>\n<\/div>\n<\/div>\n<\/div>\n<\/div>\n\n\n\n<div class=\"wp-block-columns is-layout-flex wp-container-core-columns-is-layout-28f84493 wp-block-columns-is-layout-flex\">\n<div class=\"wp-block-column collab_background_color is-layout-flow wp-block-column-is-layout-flow\">\n<h2 class=\"wp-block-heading has-text-align-center\"><strong>Colaboraciones<\/strong><\/h2>\n\n\n\n<style type=\"text\/css\">\r\n.hmls-slide-wrapper {\r\n    background-color: #f1eded;\r\n    border-radius: 0px;\r\n    padding: 0px 0px 0px 0px;\r\n    border: 0px solid #f1eded;\r\n}\r\n.hmls-slide-wrapper .hmls-view-slide .slick-prev,\r\n.hmls-slide-wrapper .hmls-view-slide .slick-next {\r\n\ttop: 50px;\r\n}\r\n.hmls-slide-wrapper .hmls-view-slide .splide__slide {\r\n\theight: 100px;\r\n    border: 0px solid #f1eded;\r\n    background-color: #FFFFFF;\r\n    border-radius: 0px;\r\n    width: 150px;\r\n}\r\n\r\n.hmls-slide-wrapper .hmls-view-slide .slick-slide {\r\n\tmargin: 0 0px;\r\n}\r\n.splide__slide.is-active {\r\n    background: ;\r\n    border-color: ;\r\n}\r\n\r\n.splide__progress__bar {\r\n    height: px;\r\n    background-color: ;\r\n}\r\n\r\n\t.splide__slide a img {\r\n\t\tright: -50%;\r\n\t\ttransform: translate(-50%, -50%);\r\n\t}\r\n\t<\/style><div class=\"hmls-slide-wrapper\">\r\n\r\n    <div class=\"hmls-view-slide\" >\r\n                    <div class=\"splide__slide hmls-tooltip\">\r\n                            <a href=\"http:\/\/www.bumamabu.com\" target=\"_blank\">\r\n                <img loading=\"lazy\" decoding=\"async\" width=\"500\" height=\"500\" src=\"https:\/\/maresdedia.cat\/wp-content\/uploads\/2023\/09\/Logo_BUMAMABU.png\" class=\"attachment-post-thumbnail size-post-thumbnail wp-post-image\" alt=\"\" srcset=\"https:\/\/maresdedia.cat\/wp-content\/uploads\/2023\/09\/Logo_BUMAMABU.png 500w, https:\/\/maresdedia.cat\/wp-content\/uploads\/2023\/09\/Logo_BUMAMABU-300x300.png 300w, https:\/\/maresdedia.cat\/wp-content\/uploads\/2023\/09\/Logo_BUMAMABU-150x150.png 150w, https:\/\/maresdedia.cat\/wp-content\/uploads\/2023\/09\/Logo_BUMAMABU-12x12.png 12w\" sizes=\"auto, 100vw\" \/>                <\/a>\r\n            <\/div>\r\n                <\/div>\r\n\r\n<\/div>\r\n\r\n\r\n\r\n\t\r\n\n<\/div>\n<\/div>\n\n\n\n<div class=\"wp-block-cover alignfull is-light is-position-center-center wp-duotone-unset-1\" style=\"min-height:375px;aspect-ratio:unset;\" id=\"contact\"><span aria-hidden=\"true\" class=\"wp-block-cover__background has-black-background-color has-background-dim-0 has-background-dim\"><\/span><img loading=\"lazy\" decoding=\"async\" width=\"1024\" height=\"683\" class=\"wp-block-cover__image-background wp-image-64\" alt=\"\" src=\"https:\/\/labs2.maresdedia.cat\/wp-content\/uploads\/2023\/03\/fons_generic.png\" data-object-fit=\"cover\" srcset=\"https:\/\/maresdedia.cat\/wp-content\/uploads\/2023\/03\/fons_generic.png 1024w, https:\/\/maresdedia.cat\/wp-content\/uploads\/2023\/03\/fons_generic-300x200.png 300w, https:\/\/maresdedia.cat\/wp-content\/uploads\/2023\/03\/fons_generic-768x512.png 768w, https:\/\/maresdedia.cat\/wp-content\/uploads\/2023\/03\/fons_generic-18x12.png 18w\" sizes=\"auto, (max-width: 1024px) 100vw, 1024px\" \/><div class=\"wp-block-cover__inner-container is-layout-flow wp-block-cover-is-layout-flow\">\n<div class=\"wp-block-columns alignwide is-layout-flex wp-container-core-columns-is-layout-28f84493 wp-block-columns-is-layout-flex\">\n<div class=\"wp-block-column is-vertically-aligned-center is-layout-flow wp-block-column-is-layout-flow\">\n<h1 class=\"wp-block-heading has-white-color has-text-color\">Estamos en contacto<\/h1>\n\n\n\n<p id=\"link_contact\" style=\"font-size:22px\"><i class=\"fas fa-map-marker-alt\" style=\"font-size:34px;color:#fff;\"><\/i>&nbsp;<a href=\"https:\/\/mapa.maresdedia.cat?lang=es\" target=\"_blank\" style=\"color:#fff;text-decoration:none;\" rel=\"noopener\">Encu\u00e9ntranos por todo el territorio<\/a><\/p>\n<\/div>\n\n\n\n<div class=\"wp-block-column is-vertically-aligned-center is-layout-flow wp-block-column-is-layout-flow\"><div class=\"wpforms-container wpforms-container-full wpforms-block wpforms-block-439f8aa7-50f7-4b7f-9c1a-034ad0d2cf83 mdd-form-block\" id=\"wpforms-289\"><form id=\"wpforms-form-289\" class=\"wpforms-validate wpforms-form wpforms-ajax-form\" data-formid=\"289\" method=\"post\" enctype=\"multipart\/form-data\" action=\"\/es\/wp-json\/wp\/v2\/pages\/13\" data-token=\"d111a73a75d02616a7080b18948c4491\" data-trp-original-action=\"\/es\/wp-json\/wp\/v2\/pages\/13\"><div class=\"wpforms-head-container\"><div class=\"wpforms-title\">Contacta con nosotros<\/div><\/div><noscript class=\"wpforms-error-noscript\">Por favor, activa JavaScript en tu navegador para completar este formulario.<\/noscript><div class=\"wpforms-field-container\"><div id=\"wpforms-289-field_0-container\" class=\"wpforms-field wpforms-field-name wpforms-one-half wpforms-first\" data-field-id=\"0\"><label class=\"wpforms-field-label wpforms-label-hide\" for=\"wpforms-289-field_0\">Nombre <span class=\"wpforms-required-label\">*<\/span><\/label><input type=\"text\" id=\"wpforms-289-field_0\" class=\"wpforms-field-large wpforms-field-required\" name=\"wpforms[fields][0]\" placeholder=\"Nombre\" required><\/div><div id=\"wpforms-289-field_1-container\" class=\"wpforms-field wpforms-field-email wpforms-one-half\" data-field-id=\"1\"><label class=\"wpforms-field-label wpforms-label-hide\" for=\"wpforms-289-field_1\">Correo electr\u00f3nico <span class=\"wpforms-required-label\">*<\/span><\/label><input type=\"email\" id=\"wpforms-289-field_1\" class=\"wpforms-field-large wpforms-field-required\" name=\"wpforms[fields][1]\" placeholder=\"Correo electr\u00f3nico\" spellcheck=\"false\" required><\/div><div id=\"wpforms-289-field_4-container\" class=\"wpforms-field wpforms-field-select wpforms-field-select-style-classic\" data-field-id=\"4\"><label class=\"wpforms-field-label wpforms-label-hide\" for=\"wpforms-289-field_4\">Delegaci\u00f3n <span class=\"wpforms-required-label\">*<\/span><\/label><select id=\"wpforms-289-field_4\" class=\"wpforms-field-large wpforms-field-required\" name=\"wpforms[fields][4]\" required=\"required\"><option value=\"\" class=\"placeholder\" disabled selected='selected'>Selecciona Delegaci\u00f3n<\/option><option value=\"Andalusia\" >Andalucia<\/option><option value=\"Arag\u00f3\" >Arag\u00f3n<\/option><option value=\"Balears\" >Baleares<\/option><option value=\"Can\u00e0ries\" >Canarias<\/option><option value=\"Catalunya\" >Catalu\u00f1a<\/option><option value=\"Madrid\" >Madrid<\/option><option value=\"Val\u00e8ncia\" >Valencia<\/option><option value=\"General\" >General<\/option><\/select><div class=\"wpforms-field-description\">Selecciona la delegaci\u00f3n de la comunidad aut\u00f3noma en la que est\u00e1s interesada. Si no aparece listada, selecciona la delegaci\u00f3n general<\/div><\/div><div id=\"wpforms-289-field_3-container\" class=\"wpforms-field wpforms-field-text\" data-field-id=\"3\"><label class=\"wpforms-field-label wpforms-label-hide\" for=\"wpforms-289-field_3\">T\u00edtulo <span class=\"wpforms-required-label\">*<\/span><\/label><input type=\"text\" id=\"wpforms-289-field_3\" class=\"wpforms-field-large wpforms-field-required\" name=\"wpforms[fields][3]\" placeholder=\"T\u00edtulo\" required><\/div><div id=\"wpforms-289-field_2-container\" class=\"wpforms-field wpforms-field-textarea\" data-field-id=\"2\"><label class=\"wpforms-field-label wpforms-label-hide\" for=\"wpforms-289-field_2\">Mensaje <span class=\"wpforms-required-label\">*<\/span><\/label><textarea id=\"wpforms-289-field_2\" class=\"wpforms-field-medium wpforms-field-required\" name=\"wpforms[fields][2]\" placeholder=\"Tu mensaje\" required><\/textarea><\/div><\/div><!-- .wpforms-field-container --><div class=\"wpforms-recaptcha-container wpforms-is-recaptcha wpforms-is-recaptcha-type-v2\" ><div class=\"g-recaptcha\" data-sitekey=\"6Ld2Y0spAAAAANzPzT4J_lb7ev0qUWMzOPoGd6Mx\"><\/div><input type=\"text\" name=\"g-recaptcha-hidden\" class=\"wpforms-recaptcha-hidden\" style=\"position:absolute!important;clip:rect(0,0,0,0)!important;height:1px!important;width:1px!important;border:0!important;overflow:hidden!important;padding:0!important;margin:0!important;\" data-rule-recaptcha=\"1\"><\/div><div class=\"wpforms-submit-container\" ><input type=\"hidden\" name=\"wpforms[id]\" value=\"289\"><input type=\"hidden\" name=\"wpforms[author]\" value=\"1\"><button type=\"submit\" name=\"wpforms[submit]\" id=\"wpforms-submit-289\" class=\"wpforms-submit mdd-btn-form-block\" data-alt-text=\"Enviant...\" data-submit-text=\"Envia\" aria-live=\"assertive\" value=\"wpforms-submit\">Envia<\/button><img loading=\"lazy\" decoding=\"async\" src=\"https:\/\/maresdedia.cat\/wp-content\/plugins\/wpforms-lite\/assets\/images\/submit-spin.svg\" class=\"wpforms-submit-spinner\" style=\"display: none;\" width=\"26\" height=\"26\" alt=\"Cargando\"><\/div><input type=\"hidden\" name=\"trp-form-language\" value=\"es\"\/><\/form><\/div>  <!-- .wpforms-container --><\/div>\n<\/div>\n<\/div><\/div>","protected":false},"excerpt":{"rendered":"<p>Mares de dia SCCL som una cooperativa de treball associat que neix a Catalunya per\u00f2 sempre a obert les portes a tots els mares i pares de dia d&#8217;altres comunitats. El nostre objectiu \u00e9s crear una base de suport laboral i legal a totes aquelles professionals que es dediquin a la cura de petits grups &hellip; <\/p>\n<p class=\"link-more\"><a href=\"https:\/\/maresdedia.cat\/es\/hmls_logo\/colaboracions\/\" class=\"more-link\">Leer m\u00e1s<span class=\"screen-reader-text\"> \u00abBumamabu\u00bb<\/span><\/a><\/p>","protected":false},"author":1,"featured_media":88,"parent":0,"menu_order":0,"comment_status":"closed","ping_status":"closed","template":"","meta":{"footnotes":""},"class_list":["post-13","page","type-page","status-publish","has-post-thumbnail","hentry"],"_links":{"self":[{"href":"https:\/\/maresdedia.cat\/es\/wp-json\/wp\/v2\/pages\/13","targetHints":{"allow":["GET"]}}],"collection":[{"href":"https:\/\/maresdedia.cat\/es\/wp-json\/wp\/v2\/pages"}],"about":[{"href":"https:\/\/maresdedia.cat\/es\/wp-json\/wp\/v2\/types\/page"}],"author":[{"embeddable":true,"href":"https:\/\/maresdedia.cat\/es\/wp-json\/wp\/v2\/users\/1"}],"replies":[{"embeddable":true,"href":"https:\/\/maresdedia.cat\/es\/wp-json\/wp\/v2\/comments?post=13"}],"version-history":[{"count":146,"href":"https:\/\/maresdedia.cat\/es\/wp-json\/wp\/v2\/pages\/13\/revisions"}],"predecessor-version":[{"id":828,"href":"https:\/\/maresdedia.cat\/es\/wp-json\/wp\/v2\/pages\/13\/revisions\/828"}],"wp:featuredmedia":[{"embeddable":true,"href":"https:\/\/maresdedia.cat\/es\/wp-json\/wp\/v2\/media\/88"}],"wp:attachment":[{"href":"https:\/\/maresdedia.cat\/es\/wp-json\/wp\/v2\/media?parent=13"}],"curies":[{"name":"wp","href":"https:\/\/api.w.org\/{rel}","templated":true}]}}